{"id":1739,"date":"2021-01-01T09:00:19","date_gmt":"2021-01-01T08:00:19","guid":{"rendered":"http:\/\/ospoljcane.si\/nova\/?page_id=1739"},"modified":"2023-09-17T20:55:50","modified_gmt":"2023-09-17T18:55:50","slug":"otroski-parlament","status":"publish","type":"page","link":"https:\/\/ospoljcane.si\/nova\/otroski-parlament\/","title":{"rendered":"Otro\u0161ki parlament"},"content":{"rendered":"\t\t<div data-elementor-type=\"wp-page\" data-elementor-id=\"1739\" class=\"elementor elementor-1739\" data-elementor-post-type=\"page\">\n\t\t\t\t\t\t<section class=\"elementor-section elementor-top-section elementor-element elementor-element-a4276b7 elementor-section-boxed elementor-section-height-default elementor-section-height-default\" data-id=\"a4276b7\" data-element_type=\"section\" data-e-type=\"section\">\n\t\t\t\t\t\t<div class=\"elementor-container elementor-column-gap-default\">\n\t\t\t\t\t<div class=\"elementor-column elementor-col-100 elementor-top-column elementor-element elementor-element-6537e80\" data-id=\"6537e80\" data-element_type=\"column\" data-e-type=\"column\">\n\t\t\t<div class=\"elementor-widget-wrap elementor-element-populated\">\n\t\t\t\t\t\t<div class=\"elementor-element elementor-element-bfb6b94 elementor-widget elementor-widget-image\" data-id=\"bfb6b94\" data-element_type=\"widget\" data-e-type=\"widget\" data-widget_type=\"image.default\">\n\t\t\t\t<div class=\"elementor-widget-container\">\n\t\t\t\t\t\t\t\t\t\t\t\t\t\t\t<img decoding=\"async\" width=\"200\" height=\"194\" src=\"https:\/\/ospoljcane.si\/nova\/wp-content\/uploads\/2023\/09\/logo_otroski_parlamenti-200x194-1.png\" class=\"attachment-large size-large wp-image-15701\" alt=\"\" \/>\t\t\t\t\t\t\t\t\t\t\t\t\t\t\t<\/div>\n\t\t\t\t<\/div>\n\t\t\t\t\t<\/div>\n\t\t<\/div>\n\t\t\t\t\t<\/div>\n\t\t<\/section>\n\t\t\t\t<section class=\"elementor-section elementor-top-section elementor-element elementor-element-3138818f elementor-section-boxed elementor-section-height-default elementor-section-height-default\" data-id=\"3138818f\" data-element_type=\"section\" data-e-type=\"section\">\n\t\t\t\t\t\t<div class=\"elementor-container elementor-column-gap-default\">\n\t\t\t\t\t<div class=\"elementor-column elementor-col-100 elementor-top-column elementor-element elementor-element-a681810\" data-id=\"a681810\" data-element_type=\"column\" data-e-type=\"column\">\n\t\t\t<div class=\"elementor-widget-wrap elementor-element-populated\">\n\t\t\t\t\t\t<div class=\"elementor-element elementor-element-394b1f30 elementor-widget elementor-widget-text-editor\" data-id=\"394b1f30\" data-element_type=\"widget\" data-e-type=\"widget\" data-widget_type=\"text-editor.default\">\n\t\t\t\t<div class=\"elementor-widget-container\">\n\t\t\t\t\t\t\t\t\t<p><strong>Kaj je otro\u0161ki parlament?<\/strong><br \/>Otro\u0161ki parlamenti so program vzgoje otrok in mladostnikov za demokracijo. Kot oblika demokrati\u010dnega dialoga se izvaja v vseh \u0161olah po Sloveniji, nadgradi se s parlamenti na ob\u010dinski in regionalni ravni in se zaklju\u010di na nacionalnem otro\u0161kem parlamentu. <u>Projekt izvajamo \u017ee od leta 1990 in pomeni eno od izvirnih oblik spodbujanja otrok k izra\u017eanju lastnih mnenj o vpra\u0161anjih, ki jih po demokrati\u010dnem postopku izberejo sami. <\/u>V programu sodelujejo ob podpori mentorjev in prostovoljcev u\u010denci in dijaki iz ve\u010dine slovenskih \u0161ol.<\/p><p>Otro\u0161ki parlament je javna tribuna otrok na temo, ki jo izberejo osnovno\u0161olci na dr\u017eavnem otro\u0161kem parlamentu. Pomeni tudi obliko sodelovanja otrok v dru\u017ebenem dogajanju ter pridobivanje vedenj o \u010dlovekovih in dr\u017eavljanskih pravicah.<\/p><p><strong>Kdo sodeluje v otro\u0161kem parlamentu?<\/strong><br \/>V otro\u0161kem parlamentu sodelujejo osnovno\u0161olci, ki so jim v \u0161olah v pomo\u010d ravnatelji, mentorji, u\u010ditelji, svetovalni delavci &#8230; Izven \u0161ole pa sodelujejo sodelavci Zveze prijateljev mladine. Osnovno\u0161olci zaklju\u010dujejo svoje razprave na dr\u017eavnem otro\u0161kem parlamentu. Organizator nacionalnega programa otro\u0161kega parlamenta je Zveza prijateljev mladine Slovenije.<\/p><p><strong>Zakaj otro\u0161ki parlament?<\/strong><br \/>Otro\u0161ki parlament je nastal na pobudo u\u010dencev, da bi lahko javno spregovorili, predstavili svoja mnenje, ideje, dileme o vpra\u0161anjih, ki so pomembna v obdobju odra\u0161\u010danja v okolju, kjer \u017eivijo, se \u0161olajo ali pre\u017eivljajo prosti \u010das. Ob tem pri\u010dakujejo pozornost tako \u0161olskih kot lokalnih oblasti ter vladnih in nevladnih organizacij, ki morajo prisluhniti pobudam mladih.<\/p><p><strong>Kako deluje?<\/strong><br \/>Otro\u0161ki parlament deluje v obliki zasedanj, ki omogo\u010dijo sodelovanje vsem osnovno\u0161olcem. Zasedanja potekajo v osnovnih \u0161olah v razrednih skupnostih in na \u0161olskem parlamentu. V vsaki \u0161oli u\u010denci izberejo delegacijo za ob\u010dinski otro\u0161ki parlament. Na ob\u010dinskem otro\u0161kem parlamentu pa izberejo delegacijo za regijski otro\u0161ki parlament, kjer predstavniki zastopajo interese vrstnikov na dr\u017eavnem otro\u0161kem parlamentu, ki poteka v dvorani Dr\u017eavnega zbora v Sloveniji.<\/p><p><strong><span style=\"color: #cc99ff;\"><a style=\"color: #cc99ff;\" href=\"https:\/\/ospoljcane.si\/nova\/otroski-parlament-2023-2024\/\">Otro\u0161ki parlament 2023\/24<\/a><\/span><\/strong><\/p><p><span style=\"color: #cc99ff;\"><strong><a style=\"color: #cc99ff;\" href=\"https:\/\/ospoljcane.si\/nova\/otroski-parlament-2022-23\/\">Otro\u0161ki parlament 2022\/23<\/a><\/strong><\/span><\/p><p>\u00a0<\/p>\t\t\t\t\t\t\t\t<\/div>\n\t\t\t\t<\/div>\n\t\t\t\t\t<\/div>\n\t\t<\/div>\n\t\t\t\t\t<\/div>\n\t\t<\/section>\n\t\t\t\t<\/div>\n\t\t","protected":false},"excerpt":{"rendered":"<p>Kaj je otro\u0161ki parlament?Otro\u0161ki parlamenti so program vzgoje otrok in mladostnikov za demokracijo. Kot oblika demokrati\u010dnega dialoga se izvaja v vseh \u0161olah po Sloveniji, nadgradi &hellip; <\/p>\n","protected":false},"author":1,"featured_media":0,"parent":0,"menu_order":0,"comment_status":"closed","ping_status":"closed","template":"","meta":{"footnotes":""},"class_list":["post-1739","page","type-page","status-publish","hentry","image-hover-transition-effect","latest_post"],"yoast_head":"<!-- This site is optimized with the Yoast SEO plugin v27.5 - https:\/\/yoast.com\/product\/yoast-seo-wordpress\/ -->\n<title>Otro\u0161ki parlament - Osnovna \u0161ola Kajetana Kovi\u010da Polj\u010dane<\/title>\n<meta name=\"robots\" content=\"index, follow, max-snippet:-1, max-image-preview:large, max-video-preview:-1\" \/>\n<link rel=\"canonical\" href=\"https:\/\/ospoljcane.si\/nova\/otroski-parlament\/\" \/>\n<meta property=\"og:locale\" content=\"sl_SI\" \/>\n<meta property=\"og:type\" content=\"article\" \/>\n<meta property=\"og:title\" content=\"Otro\u0161ki parlament - Osnovna \u0161ola Kajetana Kovi\u010da Polj\u010dane\" \/>\n<meta property=\"og:description\" content=\"Kaj je otro\u0161ki parlament?Otro\u0161ki parlamenti so program vzgoje otrok in mladostnikov za demokracijo. Kot oblika demokrati\u010dnega dialoga se izvaja v vseh \u0161olah po Sloveniji, nadgradi &hellip;\" \/>\n<meta property=\"og:url\" content=\"https:\/\/ospoljcane.si\/nova\/otroski-parlament\/\" \/>\n<meta property=\"og:site_name\" content=\"Osnovna \u0161ola Kajetana Kovi\u010da Polj\u010dane\" \/>\n<meta property=\"article:modified_time\" content=\"2023-09-17T18:55:50+00:00\" \/>\n<meta property=\"og:image\" content=\"https:\/\/ospoljcane.si\/nova\/wp-content\/uploads\/2023\/09\/logo_otroski_parlamenti-200x194-1.png\" \/>\n<meta name=\"twitter:card\" content=\"summary_large_image\" \/>\n<meta name=\"twitter:label1\" content=\"Est. reading time\" \/>\n\t<meta name=\"twitter:data1\" content=\"2 minuti\" \/>\n<script type=\"application\/ld+json\" class=\"yoast-schema-graph\">{\"@context\":\"https:\\\/\\\/schema.org\",\"@graph\":[{\"@type\":\"WebPage\",\"@id\":\"https:\\\/\\\/ospoljcane.si\\\/nova\\\/otroski-parlament\\\/\",\"url\":\"https:\\\/\\\/ospoljcane.si\\\/nova\\\/otroski-parlament\\\/\",\"name\":\"Otro\u0161ki parlament - Osnovna \u0161ola Kajetana Kovi\u010da Polj\u010dane\",\"isPartOf\":{\"@id\":\"https:\\\/\\\/ospoljcane.si\\\/nova\\\/#website\"},\"primaryImageOfPage\":{\"@id\":\"https:\\\/\\\/ospoljcane.si\\\/nova\\\/otroski-parlament\\\/#primaryimage\"},\"image\":{\"@id\":\"https:\\\/\\\/ospoljcane.si\\\/nova\\\/otroski-parlament\\\/#primaryimage\"},\"thumbnailUrl\":\"https:\\\/\\\/ospoljcane.si\\\/nova\\\/wp-content\\\/uploads\\\/2023\\\/09\\\/logo_otroski_parlamenti-200x194-1.png\",\"datePublished\":\"2021-01-01T08:00:19+00:00\",\"dateModified\":\"2023-09-17T18:55:50+00:00\",\"breadcrumb\":{\"@id\":\"https:\\\/\\\/ospoljcane.si\\\/nova\\\/otroski-parlament\\\/#breadcrumb\"},\"inLanguage\":\"sl-SI\",\"potentialAction\":[{\"@type\":\"ReadAction\",\"target\":[\"https:\\\/\\\/ospoljcane.si\\\/nova\\\/otroski-parlament\\\/\"]}]},{\"@type\":\"ImageObject\",\"inLanguage\":\"sl-SI\",\"@id\":\"https:\\\/\\\/ospoljcane.si\\\/nova\\\/otroski-parlament\\\/#primaryimage\",\"url\":\"https:\\\/\\\/ospoljcane.si\\\/nova\\\/wp-content\\\/uploads\\\/2023\\\/09\\\/logo_otroski_parlamenti-200x194-1.png\",\"contentUrl\":\"https:\\\/\\\/ospoljcane.si\\\/nova\\\/wp-content\\\/uploads\\\/2023\\\/09\\\/logo_otroski_parlamenti-200x194-1.png\",\"width\":200,\"height\":194},{\"@type\":\"BreadcrumbList\",\"@id\":\"https:\\\/\\\/ospoljcane.si\\\/nova\\\/otroski-parlament\\\/#breadcrumb\",\"itemListElement\":[{\"@type\":\"ListItem\",\"position\":1,\"name\":\"Domov\",\"item\":\"https:\\\/\\\/ospoljcane.si\\\/nova\\\/\"},{\"@type\":\"ListItem\",\"position\":2,\"name\":\"Otro\u0161ki parlament\"}]},{\"@type\":\"WebSite\",\"@id\":\"https:\\\/\\\/ospoljcane.si\\\/nova\\\/#website\",\"url\":\"https:\\\/\\\/ospoljcane.si\\\/nova\\\/\",\"name\":\"Osnovna \u0161ola Kajetana Kovi\u010da Polj\u010dane\",\"description\":\"\",\"publisher\":{\"@id\":\"https:\\\/\\\/ospoljcane.si\\\/nova\\\/#organization\"},\"potentialAction\":[{\"@type\":\"SearchAction\",\"target\":{\"@type\":\"EntryPoint\",\"urlTemplate\":\"https:\\\/\\\/ospoljcane.si\\\/nova\\\/?s={search_term_string}\"},\"query-input\":{\"@type\":\"PropertyValueSpecification\",\"valueRequired\":true,\"valueName\":\"search_term_string\"}}],\"inLanguage\":\"sl-SI\"},{\"@type\":\"Organization\",\"@id\":\"https:\\\/\\\/ospoljcane.si\\\/nova\\\/#organization\",\"name\":\"Osnovna \u0161ola Kajetana Kovi\u010da Polj\u010dane\",\"url\":\"https:\\\/\\\/ospoljcane.si\\\/nova\\\/\",\"logo\":{\"@type\":\"ImageObject\",\"inLanguage\":\"sl-SI\",\"@id\":\"https:\\\/\\\/ospoljcane.si\\\/nova\\\/#\\\/schema\\\/logo\\\/image\\\/\",\"url\":\"https:\\\/\\\/ospoljcane.si\\\/nova\\\/wp-content\\\/uploads\\\/2020\\\/12\\\/cropped-cropped-Logotip-sole-2016_3G-1-1.png\",\"contentUrl\":\"https:\\\/\\\/ospoljcane.si\\\/nova\\\/wp-content\\\/uploads\\\/2020\\\/12\\\/cropped-cropped-Logotip-sole-2016_3G-1-1.png\",\"width\":512,\"height\":512,\"caption\":\"Osnovna \u0161ola Kajetana Kovi\u010da Polj\u010dane\"},\"image\":{\"@id\":\"https:\\\/\\\/ospoljcane.si\\\/nova\\\/#\\\/schema\\\/logo\\\/image\\\/\"}}]}<\/script>\n<!-- \/ Yoast SEO plugin. -->","yoast_head_json":{"title":"Otro\u0161ki parlament - Osnovna \u0161ola Kajetana Kovi\u010da Polj\u010dane","robots":{"index":"index","follow":"follow","max-snippet":"max-snippet:-1","max-image-preview":"max-image-preview:large","max-video-preview":"max-video-preview:-1"},"canonical":"https:\/\/ospoljcane.si\/nova\/otroski-parlament\/","og_locale":"sl_SI","og_type":"article","og_title":"Otro\u0161ki parlament - Osnovna \u0161ola Kajetana Kovi\u010da Polj\u010dane","og_description":"Kaj je otro\u0161ki parlament?Otro\u0161ki parlamenti so program vzgoje otrok in mladostnikov za demokracijo. Kot oblika demokrati\u010dnega dialoga se izvaja v vseh \u0161olah po Sloveniji, nadgradi &hellip;","og_url":"https:\/\/ospoljcane.si\/nova\/otroski-parlament\/","og_site_name":"Osnovna \u0161ola Kajetana Kovi\u010da Polj\u010dane","article_modified_time":"2023-09-17T18:55:50+00:00","og_image":[{"url":"https:\/\/ospoljcane.si\/nova\/wp-content\/uploads\/2023\/09\/logo_otroski_parlamenti-200x194-1.png","type":"","width":"","height":""}],"twitter_card":"summary_large_image","twitter_misc":{"Est. reading time":"2 minuti"},"schema":{"@context":"https:\/\/schema.org","@graph":[{"@type":"WebPage","@id":"https:\/\/ospoljcane.si\/nova\/otroski-parlament\/","url":"https:\/\/ospoljcane.si\/nova\/otroski-parlament\/","name":"Otro\u0161ki parlament - Osnovna \u0161ola Kajetana Kovi\u010da Polj\u010dane","isPartOf":{"@id":"https:\/\/ospoljcane.si\/nova\/#website"},"primaryImageOfPage":{"@id":"https:\/\/ospoljcane.si\/nova\/otroski-parlament\/#primaryimage"},"image":{"@id":"https:\/\/ospoljcane.si\/nova\/otroski-parlament\/#primaryimage"},"thumbnailUrl":"https:\/\/ospoljcane.si\/nova\/wp-content\/uploads\/2023\/09\/logo_otroski_parlamenti-200x194-1.png","datePublished":"2021-01-01T08:00:19+00:00","dateModified":"2023-09-17T18:55:50+00:00","breadcrumb":{"@id":"https:\/\/ospoljcane.si\/nova\/otroski-parlament\/#breadcrumb"},"inLanguage":"sl-SI","potentialAction":[{"@type":"ReadAction","target":["https:\/\/ospoljcane.si\/nova\/otroski-parlament\/"]}]},{"@type":"ImageObject","inLanguage":"sl-SI","@id":"https:\/\/ospoljcane.si\/nova\/otroski-parlament\/#primaryimage","url":"https:\/\/ospoljcane.si\/nova\/wp-content\/uploads\/2023\/09\/logo_otroski_parlamenti-200x194-1.png","contentUrl":"https:\/\/ospoljcane.si\/nova\/wp-content\/uploads\/2023\/09\/logo_otroski_parlamenti-200x194-1.png","width":200,"height":194},{"@type":"BreadcrumbList","@id":"https:\/\/ospoljcane.si\/nova\/otroski-parlament\/#breadcrumb","itemListElement":[{"@type":"ListItem","position":1,"name":"Domov","item":"https:\/\/ospoljcane.si\/nova\/"},{"@type":"ListItem","position":2,"name":"Otro\u0161ki parlament"}]},{"@type":"WebSite","@id":"https:\/\/ospoljcane.si\/nova\/#website","url":"https:\/\/ospoljcane.si\/nova\/","name":"Osnovna \u0161ola Kajetana Kovi\u010da Polj\u010dane","description":"","publisher":{"@id":"https:\/\/ospoljcane.si\/nova\/#organization"},"potentialAction":[{"@type":"SearchAction","target":{"@type":"EntryPoint","urlTemplate":"https:\/\/ospoljcane.si\/nova\/?s={search_term_string}"},"query-input":{"@type":"PropertyValueSpecification","valueRequired":true,"valueName":"search_term_string"}}],"inLanguage":"sl-SI"},{"@type":"Organization","@id":"https:\/\/ospoljcane.si\/nova\/#organization","name":"Osnovna \u0161ola Kajetana Kovi\u010da Polj\u010dane","url":"https:\/\/ospoljcane.si\/nova\/","logo":{"@type":"ImageObject","inLanguage":"sl-SI","@id":"https:\/\/ospoljcane.si\/nova\/#\/schema\/logo\/image\/","url":"https:\/\/ospoljcane.si\/nova\/wp-content\/uploads\/2020\/12\/cropped-cropped-Logotip-sole-2016_3G-1-1.png","contentUrl":"https:\/\/ospoljcane.si\/nova\/wp-content\/uploads\/2020\/12\/cropped-cropped-Logotip-sole-2016_3G-1-1.png","width":512,"height":512,"caption":"Osnovna \u0161ola Kajetana Kovi\u010da Polj\u010dane"},"image":{"@id":"https:\/\/ospoljcane.si\/nova\/#\/schema\/logo\/image\/"}}]}},"_links":{"self":[{"href":"https:\/\/ospoljcane.si\/nova\/wp-json\/wp\/v2\/pages\/1739","targetHints":{"allow":["GET"]}}],"collection":[{"href":"https:\/\/ospoljcane.si\/nova\/wp-json\/wp\/v2\/pages"}],"about":[{"href":"https:\/\/ospoljcane.si\/nova\/wp-json\/wp\/v2\/types\/page"}],"author":[{"embeddable":true,"href":"https:\/\/ospoljcane.si\/nova\/wp-json\/wp\/v2\/users\/1"}],"replies":[{"embeddable":true,"href":"https:\/\/ospoljcane.si\/nova\/wp-json\/wp\/v2\/comments?post=1739"}],"version-history":[{"count":13,"href":"https:\/\/ospoljcane.si\/nova\/wp-json\/wp\/v2\/pages\/1739\/revisions"}],"predecessor-version":[{"id":15751,"href":"https:\/\/ospoljcane.si\/nova\/wp-json\/wp\/v2\/pages\/1739\/revisions\/15751"}],"wp:attachment":[{"href":"https:\/\/ospoljcane.si\/nova\/wp-json\/wp\/v2\/media?parent=1739"}],"curies":[{"name":"wp","href":"https:\/\/api.w.org\/{rel}","templated":true}]}}