{"id":15733,"date":"2023-09-17T20:41:46","date_gmt":"2023-09-17T18:41:46","guid":{"rendered":"https:\/\/ospoljcane.si\/nova\/?page_id=15733"},"modified":"2023-10-20T06:24:31","modified_gmt":"2023-10-20T04:24:31","slug":"otroski-parlament-2023-2024","status":"publish","type":"page","link":"https:\/\/ospoljcane.si\/nova\/otroski-parlament-2023-2024\/","title":{"rendered":"Otro\u0161ki parlament 2023\/2024"},"content":{"rendered":"\t\t<div data-elementor-type=\"wp-page\" data-elementor-id=\"15733\" class=\"elementor elementor-15733\" data-elementor-post-type=\"page\">\n\t\t\t\t\t\t<section class=\"elementor-section elementor-top-section elementor-element elementor-element-b14ce22 elementor-section-boxed elementor-section-height-default elementor-section-height-default\" data-id=\"b14ce22\" data-element_type=\"section\" data-e-type=\"section\">\n\t\t\t\t\t\t<div class=\"elementor-container elementor-column-gap-default\">\n\t\t\t\t\t<div class=\"elementor-column elementor-col-100 elementor-top-column elementor-element elementor-element-2fe76de\" data-id=\"2fe76de\" data-element_type=\"column\" data-e-type=\"column\">\n\t\t\t<div class=\"elementor-widget-wrap elementor-element-populated\">\n\t\t\t\t\t\t<div class=\"elementor-element elementor-element-16e1639 elementor-widget elementor-widget-text-editor\" data-id=\"16e1639\" data-element_type=\"widget\" data-e-type=\"widget\" data-widget_type=\"text-editor.default\">\n\t\t\t\t<div class=\"elementor-widget-container\">\n\t\t\t\t\t\t\t\t\t<p>Tudi v tem \u0161olskem letu je tema otro\u0161kega parlamenta Du\u0161evno zdravje otrok in mladostnikov.<\/p><p>Sproti bomo objavljali razli\u010dne vsebine na to temo, delo predstavnikov OP na \u0161oli, razli\u010dne fotografije \u2026<\/p><p>Kaj pa pravzaprav je du\u0161evno zdravje pa si lahko prebere\u0161 na spodnji povezavi ali na zavihku <a href=\"https:\/\/ospoljcane.si\/nova\/otroski-parlament-2022-23\/\"><span style=\"color: #cc99ff;\"><strong>Otro\u0161ki parlament 2022\/23.<\/strong><\/span><\/a><\/p><p><span style=\"color: #cc99ff;\"><a style=\"color: #cc99ff;\" href=\"https:\/\/zivziv.si\/kaj-je-dusevno-zdravje\/\"><strong>https:\/\/zivziv.si\/kaj-je-dusevno-zdravje\/<\/strong><\/a><\/span><\/p><p><strong>Zanimive in zabavne dejavnosti, ki ti lahko popestrijo dan najde\u0161 na spodnjih povezavah:<\/strong><\/p><ul><li><a href=\"https:\/\/ospoljcane.si\/nova\/wp-content\/uploads\/2023\/09\/Dnevno-pocutje.pdf\"><strong><span style=\"color: #cc99ff;\">dnevno po\u010dutje<\/span><\/strong><\/a><\/li><li><a href=\"https:\/\/ospoljcane.si\/nova\/wp-content\/uploads\/2023\/09\/Zlozenka-Preveri-svoje-pocutje.pdf\"><strong><span style=\"color: #cc99ff;\">preveri svoje po\u010dutje<\/span><\/strong><\/a><\/li><li><strong><span style=\"color: #cc99ff;\"><a style=\"color: #cc99ff;\" href=\"https:\/\/ospoljcane.si\/nova\/wp-content\/uploads\/2023\/09\/Kaj-je-dusevno-zdravje-mozganska-nevihta.pdf\">kaj je du\u0161evno zdravje<\/a><\/span><\/strong><\/li><li><a href=\"https:\/\/ospoljcane.si\/nova\/wp-content\/uploads\/2023\/09\/9-korakov-do-boljsega-dusevnega-zdravja.pdf\"><strong><span style=\"color: #cc99ff;\">9 korakov do bolj\u0161ega du\u0161evnega zdravja<\/span><\/strong><\/a><\/li><li><a href=\"https:\/\/ospoljcane.si\/nova\/wp-content\/uploads\/2023\/09\/Pozitivne-misli.docx\"><strong><span style=\"color: #cc99ff;\">pozitivne misli<\/span><\/strong><\/a><\/li><\/ul>\t\t\t\t\t\t\t\t<\/div>\n\t\t\t\t<\/div>\n\t\t\t\t\t<\/div>\n\t\t<\/div>\n\t\t\t\t\t<\/div>\n\t\t<\/section>\n\t\t\t\t<section class=\"elementor-section elementor-top-section elementor-element elementor-element-bec11da elementor-section-boxed elementor-section-height-default elementor-section-height-default\" data-id=\"bec11da\" data-element_type=\"section\" data-e-type=\"section\">\n\t\t\t\t\t\t<div class=\"elementor-container elementor-column-gap-default\">\n\t\t\t\t\t<div class=\"elementor-column elementor-col-25 elementor-top-column elementor-element elementor-element-e3ddde1\" data-id=\"e3ddde1\" data-element_type=\"column\" data-e-type=\"column\">\n\t\t\t<div class=\"elementor-widget-wrap elementor-element-populated\">\n\t\t\t\t\t\t<div class=\"elementor-element elementor-element-8f1c4c9 elementor-widget__width-initial elementor-widget elementor-widget-image\" data-id=\"8f1c4c9\" data-element_type=\"widget\" data-e-type=\"widget\" data-widget_type=\"image.default\">\n\t\t\t\t<div class=\"elementor-widget-container\">\n\t\t\t\t\t\t\t\t\t\t\t\t\t\t\t<img decoding=\"async\" src=\"https:\/\/ospoljcane.si\/nova\/wp-content\/uploads\/2023\/10\/dobro-sem.jpg\" title=\"dobro sem\" alt=\"dobro sem\" loading=\"lazy\" \/>\t\t\t\t\t\t\t\t\t\t\t\t\t\t\t<\/div>\n\t\t\t\t<\/div>\n\t\t\t\t\t<\/div>\n\t\t<\/div>\n\t\t\t\t<div class=\"elementor-column elementor-col-50 elementor-top-column elementor-element elementor-element-e1dc762\" data-id=\"e1dc762\" data-element_type=\"column\" data-e-type=\"column\">\n\t\t\t<div class=\"elementor-widget-wrap elementor-element-populated\">\n\t\t\t\t\t\t<div class=\"elementor-element elementor-element-c0990a2 elementor-widget elementor-widget-image\" data-id=\"c0990a2\" data-element_type=\"widget\" data-e-type=\"widget\" data-widget_type=\"image.default\">\n\t\t\t\t<div class=\"elementor-widget-container\">\n\t\t\t\t\t\t\t\t\t\t\t\t\t\t\t\t<a href=\"https:\/\/nijz.si\/zivljenjski-slog\/dusevno-zdravje\/10-oktober-2023-svetovni-dan-dusevnega-zdravja\/\">\n\t\t\t\t\t\t\t<img fetchpriority=\"high\" decoding=\"async\" width=\"244\" height=\"300\" src=\"https:\/\/ospoljcane.si\/nova\/wp-content\/uploads\/2023\/10\/SVETOVNI-DAN-DUSEVNEGA-ZDRAVJA-1-244x300.png\" class=\"attachment-medium size-medium wp-image-16227\" alt=\"\" srcset=\"https:\/\/ospoljcane.si\/nova\/wp-content\/uploads\/2023\/10\/SVETOVNI-DAN-DUSEVNEGA-ZDRAVJA-1-244x300.png 244w, https:\/\/ospoljcane.si\/nova\/wp-content\/uploads\/2023\/10\/SVETOVNI-DAN-DUSEVNEGA-ZDRAVJA-1.png 525w\" sizes=\"(max-width: 244px) 100vw, 244px\" \/>\t\t\t\t\t\t\t\t<\/a>\n\t\t\t\t\t\t\t\t\t\t\t\t\t\t\t<\/div>\n\t\t\t\t<\/div>\n\t\t\t\t\t<\/div>\n\t\t<\/div>\n\t\t\t\t<div class=\"elementor-column elementor-col-25 elementor-top-column elementor-element elementor-element-ef15b06\" data-id=\"ef15b06\" data-element_type=\"column\" data-e-type=\"column\">\n\t\t\t<div class=\"elementor-widget-wrap\">\n\t\t\t\t\t\t\t<\/div>\n\t\t<\/div>\n\t\t\t\t\t<\/div>\n\t\t<\/section>\n\t\t\t\t<section class=\"elementor-section elementor-top-section elementor-element elementor-element-cf8eedf elementor-section-boxed elementor-section-height-default elementor-section-height-default\" data-id=\"cf8eedf\" data-element_type=\"section\" data-e-type=\"section\">\n\t\t\t\t\t\t<div class=\"elementor-container elementor-column-gap-default\">\n\t\t\t\t\t<div class=\"elementor-column elementor-col-100 elementor-top-column elementor-element elementor-element-eb1a078\" data-id=\"eb1a078\" data-element_type=\"column\" data-e-type=\"column\">\n\t\t\t<div class=\"elementor-widget-wrap elementor-element-populated\">\n\t\t\t\t\t\t<div class=\"elementor-element elementor-element-267750c elementor-widget elementor-widget-text-editor\" data-id=\"267750c\" data-element_type=\"widget\" data-e-type=\"widget\" data-widget_type=\"text-editor.default\">\n\t\t\t\t<div class=\"elementor-widget-container\">\n\t\t\t\t\t\t\t\t\t<p><a href=\"https:\/\/www.zrss.si\/stiki-s-prakso\/aktualno\/varno-spodbudno-ucno-okolje\/\"><strong><span style=\"color: #cc99ff;\">Varno in spodbudno u\u010dno okolje<\/span><\/strong><\/a><\/p>\t\t\t\t\t\t\t\t<\/div>\n\t\t\t\t<\/div>\n\t\t\t\t\t<\/div>\n\t\t<\/div>\n\t\t\t\t\t<\/div>\n\t\t<\/section>\n\t\t\t\t<\/div>\n\t\t","protected":false},"excerpt":{"rendered":"<p>Tudi v tem \u0161olskem letu je tema otro\u0161kega parlamenta Du\u0161evno zdravje otrok in mladostnikov. Sproti bomo objavljali razli\u010dne vsebine na to temo, delo predstavnikov OP &hellip; <\/p>\n","protected":false},"author":6,"featured_media":0,"parent":0,"menu_order":0,"comment_status":"closed","ping_status":"closed","template":"","meta":{"footnotes":""},"class_list":["post-15733","page","type-page","status-publish","hentry","image-hover-transition-effect","latest_post"],"yoast_head":"<!-- This site is optimized with the Yoast SEO plugin v27.5 - https:\/\/yoast.com\/product\/yoast-seo-wordpress\/ -->\n<title>Otro\u0161ki parlament 2023\/2024 - Osnovna \u0161ola Kajetana Kovi\u010da Polj\u010dane<\/title>\n<meta name=\"robots\" content=\"index, follow, max-snippet:-1, max-image-preview:large, max-video-preview:-1\" \/>\n<link rel=\"canonical\" href=\"https:\/\/ospoljcane.si\/nova\/otroski-parlament-2023-2024\/\" \/>\n<meta property=\"og:locale\" content=\"sl_SI\" \/>\n<meta property=\"og:type\" content=\"article\" \/>\n<meta property=\"og:title\" content=\"Otro\u0161ki parlament 2023\/2024 - Osnovna \u0161ola Kajetana Kovi\u010da Polj\u010dane\" \/>\n<meta property=\"og:description\" content=\"Tudi v tem \u0161olskem letu je tema otro\u0161kega parlamenta Du\u0161evno zdravje otrok in mladostnikov. Sproti bomo objavljali razli\u010dne vsebine na to temo, delo predstavnikov OP &hellip;\" \/>\n<meta property=\"og:url\" content=\"https:\/\/ospoljcane.si\/nova\/otroski-parlament-2023-2024\/\" \/>\n<meta property=\"og:site_name\" content=\"Osnovna \u0161ola Kajetana Kovi\u010da Polj\u010dane\" \/>\n<meta property=\"article:modified_time\" content=\"2023-10-20T04:24:31+00:00\" \/>\n<meta property=\"og:image\" content=\"https:\/\/ospoljcane.si\/nova\/wp-content\/uploads\/2023\/10\/dobro-sem.jpg\" \/>\n<meta name=\"twitter:card\" content=\"summary_large_image\" \/>\n<meta name=\"twitter:label1\" content=\"Est. reading time\" \/>\n\t<meta name=\"twitter:data1\" content=\"1 minuta\" \/>\n<script type=\"application\/ld+json\" class=\"yoast-schema-graph\">{\"@context\":\"https:\\\/\\\/schema.org\",\"@graph\":[{\"@type\":\"WebPage\",\"@id\":\"https:\\\/\\\/ospoljcane.si\\\/nova\\\/otroski-parlament-2023-2024\\\/\",\"url\":\"https:\\\/\\\/ospoljcane.si\\\/nova\\\/otroski-parlament-2023-2024\\\/\",\"name\":\"Otro\u0161ki parlament 2023\\\/2024 - Osnovna \u0161ola Kajetana Kovi\u010da Polj\u010dane\",\"isPartOf\":{\"@id\":\"https:\\\/\\\/ospoljcane.si\\\/nova\\\/#website\"},\"primaryImageOfPage\":{\"@id\":\"https:\\\/\\\/ospoljcane.si\\\/nova\\\/otroski-parlament-2023-2024\\\/#primaryimage\"},\"image\":{\"@id\":\"https:\\\/\\\/ospoljcane.si\\\/nova\\\/otroski-parlament-2023-2024\\\/#primaryimage\"},\"thumbnailUrl\":\"https:\\\/\\\/ospoljcane.si\\\/nova\\\/wp-content\\\/uploads\\\/2023\\\/10\\\/dobro-sem.jpg\",\"datePublished\":\"2023-09-17T18:41:46+00:00\",\"dateModified\":\"2023-10-20T04:24:31+00:00\",\"breadcrumb\":{\"@id\":\"https:\\\/\\\/ospoljcane.si\\\/nova\\\/otroski-parlament-2023-2024\\\/#breadcrumb\"},\"inLanguage\":\"sl-SI\",\"potentialAction\":[{\"@type\":\"ReadAction\",\"target\":[\"https:\\\/\\\/ospoljcane.si\\\/nova\\\/otroski-parlament-2023-2024\\\/\"]}]},{\"@type\":\"ImageObject\",\"inLanguage\":\"sl-SI\",\"@id\":\"https:\\\/\\\/ospoljcane.si\\\/nova\\\/otroski-parlament-2023-2024\\\/#primaryimage\",\"url\":\"https:\\\/\\\/ospoljcane.si\\\/nova\\\/wp-content\\\/uploads\\\/2023\\\/10\\\/dobro-sem.jpg\",\"contentUrl\":\"https:\\\/\\\/ospoljcane.si\\\/nova\\\/wp-content\\\/uploads\\\/2023\\\/10\\\/dobro-sem.jpg\",\"width\":308,\"height\":164},{\"@type\":\"BreadcrumbList\",\"@id\":\"https:\\\/\\\/ospoljcane.si\\\/nova\\\/otroski-parlament-2023-2024\\\/#breadcrumb\",\"itemListElement\":[{\"@type\":\"ListItem\",\"position\":1,\"name\":\"Domov\",\"item\":\"https:\\\/\\\/ospoljcane.si\\\/nova\\\/\"},{\"@type\":\"ListItem\",\"position\":2,\"name\":\"Otro\u0161ki parlament 2023\\\/2024\"}]},{\"@type\":\"WebSite\",\"@id\":\"https:\\\/\\\/ospoljcane.si\\\/nova\\\/#website\",\"url\":\"https:\\\/\\\/ospoljcane.si\\\/nova\\\/\",\"name\":\"Osnovna \u0161ola Kajetana Kovi\u010da Polj\u010dane\",\"description\":\"\",\"publisher\":{\"@id\":\"https:\\\/\\\/ospoljcane.si\\\/nova\\\/#organization\"},\"potentialAction\":[{\"@type\":\"SearchAction\",\"target\":{\"@type\":\"EntryPoint\",\"urlTemplate\":\"https:\\\/\\\/ospoljcane.si\\\/nova\\\/?s={search_term_string}\"},\"query-input\":{\"@type\":\"PropertyValueSpecification\",\"valueRequired\":true,\"valueName\":\"search_term_string\"}}],\"inLanguage\":\"sl-SI\"},{\"@type\":\"Organization\",\"@id\":\"https:\\\/\\\/ospoljcane.si\\\/nova\\\/#organization\",\"name\":\"Osnovna \u0161ola Kajetana Kovi\u010da Polj\u010dane\",\"url\":\"https:\\\/\\\/ospoljcane.si\\\/nova\\\/\",\"logo\":{\"@type\":\"ImageObject\",\"inLanguage\":\"sl-SI\",\"@id\":\"https:\\\/\\\/ospoljcane.si\\\/nova\\\/#\\\/schema\\\/logo\\\/image\\\/\",\"url\":\"https:\\\/\\\/ospoljcane.si\\\/nova\\\/wp-content\\\/uploads\\\/2020\\\/12\\\/cropped-cropped-Logotip-sole-2016_3G-1-1.png\",\"contentUrl\":\"https:\\\/\\\/ospoljcane.si\\\/nova\\\/wp-content\\\/uploads\\\/2020\\\/12\\\/cropped-cropped-Logotip-sole-2016_3G-1-1.png\",\"width\":512,\"height\":512,\"caption\":\"Osnovna \u0161ola Kajetana Kovi\u010da Polj\u010dane\"},\"image\":{\"@id\":\"https:\\\/\\\/ospoljcane.si\\\/nova\\\/#\\\/schema\\\/logo\\\/image\\\/\"}}]}<\/script>\n<!-- \/ Yoast SEO plugin. -->","yoast_head_json":{"title":"Otro\u0161ki parlament 2023\/2024 - Osnovna \u0161ola Kajetana Kovi\u010da Polj\u010dane","robots":{"index":"index","follow":"follow","max-snippet":"max-snippet:-1","max-image-preview":"max-image-preview:large","max-video-preview":"max-video-preview:-1"},"canonical":"https:\/\/ospoljcane.si\/nova\/otroski-parlament-2023-2024\/","og_locale":"sl_SI","og_type":"article","og_title":"Otro\u0161ki parlament 2023\/2024 - Osnovna \u0161ola Kajetana Kovi\u010da Polj\u010dane","og_description":"Tudi v tem \u0161olskem letu je tema otro\u0161kega parlamenta Du\u0161evno zdravje otrok in mladostnikov. Sproti bomo objavljali razli\u010dne vsebine na to temo, delo predstavnikov OP &hellip;","og_url":"https:\/\/ospoljcane.si\/nova\/otroski-parlament-2023-2024\/","og_site_name":"Osnovna \u0161ola Kajetana Kovi\u010da Polj\u010dane","article_modified_time":"2023-10-20T04:24:31+00:00","og_image":[{"url":"https:\/\/ospoljcane.si\/nova\/wp-content\/uploads\/2023\/10\/dobro-sem.jpg","type":"","width":"","height":""}],"twitter_card":"summary_large_image","twitter_misc":{"Est. reading time":"1 minuta"},"schema":{"@context":"https:\/\/schema.org","@graph":[{"@type":"WebPage","@id":"https:\/\/ospoljcane.si\/nova\/otroski-parlament-2023-2024\/","url":"https:\/\/ospoljcane.si\/nova\/otroski-parlament-2023-2024\/","name":"Otro\u0161ki parlament 2023\/2024 - Osnovna \u0161ola Kajetana Kovi\u010da Polj\u010dane","isPartOf":{"@id":"https:\/\/ospoljcane.si\/nova\/#website"},"primaryImageOfPage":{"@id":"https:\/\/ospoljcane.si\/nova\/otroski-parlament-2023-2024\/#primaryimage"},"image":{"@id":"https:\/\/ospoljcane.si\/nova\/otroski-parlament-2023-2024\/#primaryimage"},"thumbnailUrl":"https:\/\/ospoljcane.si\/nova\/wp-content\/uploads\/2023\/10\/dobro-sem.jpg","datePublished":"2023-09-17T18:41:46+00:00","dateModified":"2023-10-20T04:24:31+00:00","breadcrumb":{"@id":"https:\/\/ospoljcane.si\/nova\/otroski-parlament-2023-2024\/#breadcrumb"},"inLanguage":"sl-SI","potentialAction":[{"@type":"ReadAction","target":["https:\/\/ospoljcane.si\/nova\/otroski-parlament-2023-2024\/"]}]},{"@type":"ImageObject","inLanguage":"sl-SI","@id":"https:\/\/ospoljcane.si\/nova\/otroski-parlament-2023-2024\/#primaryimage","url":"https:\/\/ospoljcane.si\/nova\/wp-content\/uploads\/2023\/10\/dobro-sem.jpg","contentUrl":"https:\/\/ospoljcane.si\/nova\/wp-content\/uploads\/2023\/10\/dobro-sem.jpg","width":308,"height":164},{"@type":"BreadcrumbList","@id":"https:\/\/ospoljcane.si\/nova\/otroski-parlament-2023-2024\/#breadcrumb","itemListElement":[{"@type":"ListItem","position":1,"name":"Domov","item":"https:\/\/ospoljcane.si\/nova\/"},{"@type":"ListItem","position":2,"name":"Otro\u0161ki parlament 2023\/2024"}]},{"@type":"WebSite","@id":"https:\/\/ospoljcane.si\/nova\/#website","url":"https:\/\/ospoljcane.si\/nova\/","name":"Osnovna \u0161ola Kajetana Kovi\u010da Polj\u010dane","description":"","publisher":{"@id":"https:\/\/ospoljcane.si\/nova\/#organization"},"potentialAction":[{"@type":"SearchAction","target":{"@type":"EntryPoint","urlTemplate":"https:\/\/ospoljcane.si\/nova\/?s={search_term_string}"},"query-input":{"@type":"PropertyValueSpecification","valueRequired":true,"valueName":"search_term_string"}}],"inLanguage":"sl-SI"},{"@type":"Organization","@id":"https:\/\/ospoljcane.si\/nova\/#organization","name":"Osnovna \u0161ola Kajetana Kovi\u010da Polj\u010dane","url":"https:\/\/ospoljcane.si\/nova\/","logo":{"@type":"ImageObject","inLanguage":"sl-SI","@id":"https:\/\/ospoljcane.si\/nova\/#\/schema\/logo\/image\/","url":"https:\/\/ospoljcane.si\/nova\/wp-content\/uploads\/2020\/12\/cropped-cropped-Logotip-sole-2016_3G-1-1.png","contentUrl":"https:\/\/ospoljcane.si\/nova\/wp-content\/uploads\/2020\/12\/cropped-cropped-Logotip-sole-2016_3G-1-1.png","width":512,"height":512,"caption":"Osnovna \u0161ola Kajetana Kovi\u010da Polj\u010dane"},"image":{"@id":"https:\/\/ospoljcane.si\/nova\/#\/schema\/logo\/image\/"}}]}},"_links":{"self":[{"href":"https:\/\/ospoljcane.si\/nova\/wp-json\/wp\/v2\/pages\/15733","targetHints":{"allow":["GET"]}}],"collection":[{"href":"https:\/\/ospoljcane.si\/nova\/wp-json\/wp\/v2\/pages"}],"about":[{"href":"https:\/\/ospoljcane.si\/nova\/wp-json\/wp\/v2\/types\/page"}],"author":[{"embeddable":true,"href":"https:\/\/ospoljcane.si\/nova\/wp-json\/wp\/v2\/users\/6"}],"replies":[{"embeddable":true,"href":"https:\/\/ospoljcane.si\/nova\/wp-json\/wp\/v2\/comments?post=15733"}],"version-history":[{"count":15,"href":"https:\/\/ospoljcane.si\/nova\/wp-json\/wp\/v2\/pages\/15733\/revisions"}],"predecessor-version":[{"id":16354,"href":"https:\/\/ospoljcane.si\/nova\/wp-json\/wp\/v2\/pages\/15733\/revisions\/16354"}],"wp:attachment":[{"href":"https:\/\/ospoljcane.si\/nova\/wp-json\/wp\/v2\/media?parent=15733"}],"curies":[{"name":"wp","href":"https:\/\/api.w.org\/{rel}","templated":true}]}}