{"id":10687,"date":"2022-10-12T19:32:09","date_gmt":"2022-10-12T17:32:09","guid":{"rendered":"http:\/\/ospoljcane.si\/nova\/?page_id=10687"},"modified":"2022-10-12T19:32:09","modified_gmt":"2022-10-12T17:32:09","slug":"otroski-parlament-2022-23","status":"publish","type":"page","link":"https:\/\/ospoljcane.si\/nova\/otroski-parlament-2022-23\/","title":{"rendered":"Otro\u0161ki parlament 2022\/23"},"content":{"rendered":"<p style=\"text-align: center;\"><strong>DU\u0160EVNO ZDRAVJE OTROK IN MLADIH<\/strong><\/p>\n<p>&nbsp;<\/p>\n<p>Tema otro\u0161kega parlamenta v \u0161olskem letu 2022\/2023, in tudi \u0161e naslednjega, je du\u0161evno zdravje otrok in mladih. Temo, ki je \u017ee na prvi pogled zelo zanimiva in marsikoga hitro pritegne, so izbrali otroci na zadnjem nacionalnem Otro\u0161kem parlamentu, aprila 2022.<\/p>\n<p><img fetchpriority=\"high\" decoding=\"async\" class=\"alignleft  wp-image-10688\" src=\"https:\/\/ospoljcane.si\/nova\/wp-content\/uploads\/2022\/10\/Slika1-1-732x1024.jpg\" alt=\"\" width=\"555\" height=\"776\" srcset=\"https:\/\/ospoljcane.si\/nova\/wp-content\/uploads\/2022\/10\/Slika1-1-732x1024.jpg 732w, https:\/\/ospoljcane.si\/nova\/wp-content\/uploads\/2022\/10\/Slika1-1-214x300.jpg 214w, https:\/\/ospoljcane.si\/nova\/wp-content\/uploads\/2022\/10\/Slika1-1-768x1075.jpg 768w, https:\/\/ospoljcane.si\/nova\/wp-content\/uploads\/2022\/10\/Slika1-1.jpg 836w\" sizes=\"(max-width: 555px) 100vw, 555px\" \/><\/p>\n<p>Du\u0161evno zdravje je \u0161e vedno tematika, o kateri se premalo govori. Je nekak\u0161na \u00bbtabu\u00ab tema, kateri se marsikdo raje izogne. Velikokrat se nam zdi, da pri tak\u0161ni temi, \u0161e posebej v pogovoru z otroki, nimamo pravilnega odgovora oziroma nasveta, ki bi ga lahko otroku ali mladostniku ponudili. Zato tak\u0161ne teme raje presko\u010dimo ali pa se o njih ne pogovarjamo. Veliko raziskav ka\u017ee, da odrasli, u\u010ditelji, star\u0161i menijo, da imajo o tej problematiki premalo znanja, izku\u0161enj, da bi lahko svetovali ali pomagali drugim, \u0161e posebej mladim. Zanimivo pa je, da imajo otroci in mladi veliko \u017eeljo pogovarjati se o svojem po\u010dutju, do\u017eivljanju, stiskah, te\u017eavah, ob\u010dutkih, izku\u0161njah, dvomih \u2026<\/p>\n<p>&nbsp;<\/p>\n<p>V dana\u0161njem \u010dasu je du\u0161evno zdravje pri otrocih in mladih bolj na preizku\u0161nji kot obi\u010dajno. Ve\u010d je nezadovoljstva s samim seboj, anksioznosti, tesnobe, depresije, tudi samomorilskih misli, samomorov &#8230; Pomembno je, da znamo odrasli znake te\u017eav v du\u0161evnem zdravju v prvi vrsti prepoznati in kasneje otrokom tudi pomagati oz. jim vsaj pokazati, da nam je mar zanje.<\/p>\n<p>&nbsp;<\/p>\n<p><img decoding=\"async\" class=\"alignright size-thumbnail wp-image-10689\" src=\"https:\/\/ospoljcane.si\/nova\/wp-content\/uploads\/2022\/10\/Slika2-1-150x121.jpg\" alt=\"\" width=\"150\" height=\"121\" \/>Zanimiv je podatek, da se mladi in otroci v te\u017ekih trenutkih pogosto obrnejo na TOM telefon, kjer neznancem zaupajo svoje stiske, te\u017eave, strahove \u2026 \u0160e vedno pa je (pre)velik odstotek mladih, ki svojih te\u017eav ne zaupa nikomur.<br \/>\nOtroci so izbrali temo Otro\u0161kega parlamenta, ki je realna in prisotna v njihovih \u017eivljenjih. Je tema o kateri se moramo pou\u010diti tudi odrasli sami, da bomo lahko brez zadrege otroku v stiski ali te\u017eavah mo\u010dna in trdna opora. Najprej pa moramo otroke poslu\u0161ati in sli\u0161ati. Tudi v \u0161oli se bomo v tem letu ve\u010dkrat pogovarjali o temi du\u0161evnega zdravja otrok, kako jim lahko pomagajo odrasli in kako si lahko pomagajo med seboj.<\/p>\n<p><img decoding=\"async\" class=\"aligncenter  wp-image-10690\" src=\"https:\/\/ospoljcane.si\/nova\/wp-content\/uploads\/2022\/10\/Slika3.png\" alt=\"\" width=\"543\" height=\"388\" srcset=\"https:\/\/ospoljcane.si\/nova\/wp-content\/uploads\/2022\/10\/Slika3.png 811w, https:\/\/ospoljcane.si\/nova\/wp-content\/uploads\/2022\/10\/Slika3-300x215.png 300w, https:\/\/ospoljcane.si\/nova\/wp-content\/uploads\/2022\/10\/Slika3-768x549.png 768w\" sizes=\"(max-width: 543px) 100vw, 543px\" \/><\/p>\n<p>Prilagam \u0161e nekaj zanimivih povezav:<\/p>\n<ul>\n<li><a href=\"http:\/\/www.zpms.si\/programi\/otroski-parlament\/\">zpms.si\/programi\/otroski-parlament\/<\/a><\/li>\n<li><a href=\"https:\/\/www.e-tom.si\/tom-potuje-otroke-obiskuje\/\">https:\/\/www.e-tom.si\/tom-potuje-otroke-obiskuje\/<\/a><\/li>\n<li><a href=\"https:\/\/ki.se\/en\/nasp\/seyle-saving-and-empowering-young-lives-in-europe\">https:\/\/ki.se\/en\/nasp\/seyle-saving-and-empowering-young-lives-in-europe<\/a><\/li>\n<\/ul>\n<p style=\"text-align: right;\">Mentorica Otro\u0161kega parlamenta<\/p>\n<p style=\"text-align: left;\">\u00a0 \u00a0 \u00a0 \u00a0 \u00a0 \u00a0 \u00a0 \u00a0 \u00a0 \u00a0 \u00a0 \u00a0 \u00a0 \u00a0 \u00a0 \u00a0 \u00a0 \u00a0 \u00a0 \u00a0 \u00a0 \u00a0 \u00a0 \u00a0 \u00a0 \u00a0 \u00a0 \u00a0 \u00a0 \u00a0 \u00a0 \u00a0 \u00a0 \u00a0 \u00a0 \u00a0 \u00a0 \u00a0 \u00a0 \u00a0 \u00a0 \u00a0 \u00a0 \u00a0 \u00a0 \u00a0 \u00a0 \u00a0 \u00a0 \u00a0 \u00a0 \u00a0 \u00a0 \u00a0 \u00a0 \u00a0 \u00a0 \u00a0 \u00a0 \u00a0 \u00a0 \u00a0 \u00a0 \u00a0 \u00a0 \u00a0 \u00a0 \u00a0 \u00a0 \u00a0 \u00a0 \u00a0 \u00a0 \u00a0 \u00a0 \u00a0 \u00a0 \u00a0 \u00a0 \u00a0 \u00a0 \u00a0 \u00a0 \u00a0 \u00a0 \u00a0 \u00a0 \u00a0 \u00a0 \u00a0 \u00a0 \u00a0 \u00a0 Ula Ulaga<\/p>\n","protected":false},"excerpt":{"rendered":"<p>DU\u0160EVNO ZDRAVJE OTROK IN MLADIH &nbsp; Tema otro\u0161kega parlamenta v \u0161olskem letu 2022\/2023, in tudi \u0161e naslednjega, je du\u0161evno zdravje otrok in mladih. Temo, ki &hellip; <\/p>\n","protected":false},"author":6,"featured_media":0,"parent":0,"menu_order":0,"comment_status":"closed","ping_status":"closed","template":"","meta":{"footnotes":""},"class_list":["post-10687","page","type-page","status-publish","hentry","image-hover-transition-effect","latest_post"],"yoast_head":"<!-- This site is optimized with the Yoast SEO plugin v27.5 - https:\/\/yoast.com\/product\/yoast-seo-wordpress\/ -->\n<title>Otro\u0161ki parlament 2022\/23 - Osnovna \u0161ola Kajetana Kovi\u010da Polj\u010dane<\/title>\n<meta name=\"robots\" content=\"index, follow, max-snippet:-1, max-image-preview:large, max-video-preview:-1\" \/>\n<link rel=\"canonical\" href=\"https:\/\/ospoljcane.si\/nova\/otroski-parlament-2022-23\/\" \/>\n<meta property=\"og:locale\" content=\"sl_SI\" \/>\n<meta property=\"og:type\" content=\"article\" \/>\n<meta property=\"og:title\" content=\"Otro\u0161ki parlament 2022\/23 - Osnovna \u0161ola Kajetana Kovi\u010da Polj\u010dane\" \/>\n<meta property=\"og:description\" content=\"DU\u0160EVNO ZDRAVJE OTROK IN MLADIH &nbsp; Tema otro\u0161kega parlamenta v \u0161olskem letu 2022\/2023, in tudi \u0161e naslednjega, je du\u0161evno zdravje otrok in mladih. Temo, ki &hellip;\" \/>\n<meta property=\"og:url\" content=\"https:\/\/ospoljcane.si\/nova\/otroski-parlament-2022-23\/\" \/>\n<meta property=\"og:site_name\" content=\"Osnovna \u0161ola Kajetana Kovi\u010da Polj\u010dane\" \/>\n<meta property=\"og:image\" content=\"http:\/\/ospoljcane.si\/nova\/wp-content\/uploads\/2022\/10\/Slika1-1-732x1024.jpg\" \/>\n<meta name=\"twitter:card\" content=\"summary_large_image\" \/>\n<meta name=\"twitter:label1\" content=\"Est. reading time\" \/>\n\t<meta name=\"twitter:data1\" content=\"3 minute\" \/>\n<script type=\"application\/ld+json\" class=\"yoast-schema-graph\">{\"@context\":\"https:\\\/\\\/schema.org\",\"@graph\":[{\"@type\":\"WebPage\",\"@id\":\"https:\\\/\\\/ospoljcane.si\\\/nova\\\/otroski-parlament-2022-23\\\/\",\"url\":\"https:\\\/\\\/ospoljcane.si\\\/nova\\\/otroski-parlament-2022-23\\\/\",\"name\":\"Otro\u0161ki parlament 2022\\\/23 - Osnovna \u0161ola Kajetana Kovi\u010da Polj\u010dane\",\"isPartOf\":{\"@id\":\"https:\\\/\\\/ospoljcane.si\\\/nova\\\/#website\"},\"primaryImageOfPage\":{\"@id\":\"https:\\\/\\\/ospoljcane.si\\\/nova\\\/otroski-parlament-2022-23\\\/#primaryimage\"},\"image\":{\"@id\":\"https:\\\/\\\/ospoljcane.si\\\/nova\\\/otroski-parlament-2022-23\\\/#primaryimage\"},\"thumbnailUrl\":\"http:\\\/\\\/ospoljcane.si\\\/nova\\\/wp-content\\\/uploads\\\/2022\\\/10\\\/Slika1-1-732x1024.jpg\",\"datePublished\":\"2022-10-12T17:32:09+00:00\",\"breadcrumb\":{\"@id\":\"https:\\\/\\\/ospoljcane.si\\\/nova\\\/otroski-parlament-2022-23\\\/#breadcrumb\"},\"inLanguage\":\"sl-SI\",\"potentialAction\":[{\"@type\":\"ReadAction\",\"target\":[\"https:\\\/\\\/ospoljcane.si\\\/nova\\\/otroski-parlament-2022-23\\\/\"]}]},{\"@type\":\"ImageObject\",\"inLanguage\":\"sl-SI\",\"@id\":\"https:\\\/\\\/ospoljcane.si\\\/nova\\\/otroski-parlament-2022-23\\\/#primaryimage\",\"url\":\"https:\\\/\\\/ospoljcane.si\\\/nova\\\/wp-content\\\/uploads\\\/2022\\\/10\\\/Slika1-1.jpg\",\"contentUrl\":\"https:\\\/\\\/ospoljcane.si\\\/nova\\\/wp-content\\\/uploads\\\/2022\\\/10\\\/Slika1-1.jpg\",\"width\":836,\"height\":1170},{\"@type\":\"BreadcrumbList\",\"@id\":\"https:\\\/\\\/ospoljcane.si\\\/nova\\\/otroski-parlament-2022-23\\\/#breadcrumb\",\"itemListElement\":[{\"@type\":\"ListItem\",\"position\":1,\"name\":\"Domov\",\"item\":\"https:\\\/\\\/ospoljcane.si\\\/nova\\\/\"},{\"@type\":\"ListItem\",\"position\":2,\"name\":\"Otro\u0161ki parlament 2022\\\/23\"}]},{\"@type\":\"WebSite\",\"@id\":\"https:\\\/\\\/ospoljcane.si\\\/nova\\\/#website\",\"url\":\"https:\\\/\\\/ospoljcane.si\\\/nova\\\/\",\"name\":\"Osnovna \u0161ola Kajetana Kovi\u010da Polj\u010dane\",\"description\":\"\",\"publisher\":{\"@id\":\"https:\\\/\\\/ospoljcane.si\\\/nova\\\/#organization\"},\"potentialAction\":[{\"@type\":\"SearchAction\",\"target\":{\"@type\":\"EntryPoint\",\"urlTemplate\":\"https:\\\/\\\/ospoljcane.si\\\/nova\\\/?s={search_term_string}\"},\"query-input\":{\"@type\":\"PropertyValueSpecification\",\"valueRequired\":true,\"valueName\":\"search_term_string\"}}],\"inLanguage\":\"sl-SI\"},{\"@type\":\"Organization\",\"@id\":\"https:\\\/\\\/ospoljcane.si\\\/nova\\\/#organization\",\"name\":\"Osnovna \u0161ola Kajetana Kovi\u010da Polj\u010dane\",\"url\":\"https:\\\/\\\/ospoljcane.si\\\/nova\\\/\",\"logo\":{\"@type\":\"ImageObject\",\"inLanguage\":\"sl-SI\",\"@id\":\"https:\\\/\\\/ospoljcane.si\\\/nova\\\/#\\\/schema\\\/logo\\\/image\\\/\",\"url\":\"https:\\\/\\\/ospoljcane.si\\\/nova\\\/wp-content\\\/uploads\\\/2020\\\/12\\\/cropped-cropped-Logotip-sole-2016_3G-1-1.png\",\"contentUrl\":\"https:\\\/\\\/ospoljcane.si\\\/nova\\\/wp-content\\\/uploads\\\/2020\\\/12\\\/cropped-cropped-Logotip-sole-2016_3G-1-1.png\",\"width\":512,\"height\":512,\"caption\":\"Osnovna \u0161ola Kajetana Kovi\u010da Polj\u010dane\"},\"image\":{\"@id\":\"https:\\\/\\\/ospoljcane.si\\\/nova\\\/#\\\/schema\\\/logo\\\/image\\\/\"}}]}<\/script>\n<!-- \/ Yoast SEO plugin. -->","yoast_head_json":{"title":"Otro\u0161ki parlament 2022\/23 - Osnovna \u0161ola Kajetana Kovi\u010da Polj\u010dane","robots":{"index":"index","follow":"follow","max-snippet":"max-snippet:-1","max-image-preview":"max-image-preview:large","max-video-preview":"max-video-preview:-1"},"canonical":"https:\/\/ospoljcane.si\/nova\/otroski-parlament-2022-23\/","og_locale":"sl_SI","og_type":"article","og_title":"Otro\u0161ki parlament 2022\/23 - Osnovna \u0161ola Kajetana Kovi\u010da Polj\u010dane","og_description":"DU\u0160EVNO ZDRAVJE OTROK IN MLADIH &nbsp; Tema otro\u0161kega parlamenta v \u0161olskem letu 2022\/2023, in tudi \u0161e naslednjega, je du\u0161evno zdravje otrok in mladih. Temo, ki &hellip;","og_url":"https:\/\/ospoljcane.si\/nova\/otroski-parlament-2022-23\/","og_site_name":"Osnovna \u0161ola Kajetana Kovi\u010da Polj\u010dane","og_image":[{"url":"http:\/\/ospoljcane.si\/nova\/wp-content\/uploads\/2022\/10\/Slika1-1-732x1024.jpg","type":"","width":"","height":""}],"twitter_card":"summary_large_image","twitter_misc":{"Est. reading time":"3 minute"},"schema":{"@context":"https:\/\/schema.org","@graph":[{"@type":"WebPage","@id":"https:\/\/ospoljcane.si\/nova\/otroski-parlament-2022-23\/","url":"https:\/\/ospoljcane.si\/nova\/otroski-parlament-2022-23\/","name":"Otro\u0161ki parlament 2022\/23 - Osnovna \u0161ola Kajetana Kovi\u010da Polj\u010dane","isPartOf":{"@id":"https:\/\/ospoljcane.si\/nova\/#website"},"primaryImageOfPage":{"@id":"https:\/\/ospoljcane.si\/nova\/otroski-parlament-2022-23\/#primaryimage"},"image":{"@id":"https:\/\/ospoljcane.si\/nova\/otroski-parlament-2022-23\/#primaryimage"},"thumbnailUrl":"http:\/\/ospoljcane.si\/nova\/wp-content\/uploads\/2022\/10\/Slika1-1-732x1024.jpg","datePublished":"2022-10-12T17:32:09+00:00","breadcrumb":{"@id":"https:\/\/ospoljcane.si\/nova\/otroski-parlament-2022-23\/#breadcrumb"},"inLanguage":"sl-SI","potentialAction":[{"@type":"ReadAction","target":["https:\/\/ospoljcane.si\/nova\/otroski-parlament-2022-23\/"]}]},{"@type":"ImageObject","inLanguage":"sl-SI","@id":"https:\/\/ospoljcane.si\/nova\/otroski-parlament-2022-23\/#primaryimage","url":"https:\/\/ospoljcane.si\/nova\/wp-content\/uploads\/2022\/10\/Slika1-1.jpg","contentUrl":"https:\/\/ospoljcane.si\/nova\/wp-content\/uploads\/2022\/10\/Slika1-1.jpg","width":836,"height":1170},{"@type":"BreadcrumbList","@id":"https:\/\/ospoljcane.si\/nova\/otroski-parlament-2022-23\/#breadcrumb","itemListElement":[{"@type":"ListItem","position":1,"name":"Domov","item":"https:\/\/ospoljcane.si\/nova\/"},{"@type":"ListItem","position":2,"name":"Otro\u0161ki parlament 2022\/23"}]},{"@type":"WebSite","@id":"https:\/\/ospoljcane.si\/nova\/#website","url":"https:\/\/ospoljcane.si\/nova\/","name":"Osnovna \u0161ola Kajetana Kovi\u010da Polj\u010dane","description":"","publisher":{"@id":"https:\/\/ospoljcane.si\/nova\/#organization"},"potentialAction":[{"@type":"SearchAction","target":{"@type":"EntryPoint","urlTemplate":"https:\/\/ospoljcane.si\/nova\/?s={search_term_string}"},"query-input":{"@type":"PropertyValueSpecification","valueRequired":true,"valueName":"search_term_string"}}],"inLanguage":"sl-SI"},{"@type":"Organization","@id":"https:\/\/ospoljcane.si\/nova\/#organization","name":"Osnovna \u0161ola Kajetana Kovi\u010da Polj\u010dane","url":"https:\/\/ospoljcane.si\/nova\/","logo":{"@type":"ImageObject","inLanguage":"sl-SI","@id":"https:\/\/ospoljcane.si\/nova\/#\/schema\/logo\/image\/","url":"https:\/\/ospoljcane.si\/nova\/wp-content\/uploads\/2020\/12\/cropped-cropped-Logotip-sole-2016_3G-1-1.png","contentUrl":"https:\/\/ospoljcane.si\/nova\/wp-content\/uploads\/2020\/12\/cropped-cropped-Logotip-sole-2016_3G-1-1.png","width":512,"height":512,"caption":"Osnovna \u0161ola Kajetana Kovi\u010da Polj\u010dane"},"image":{"@id":"https:\/\/ospoljcane.si\/nova\/#\/schema\/logo\/image\/"}}]}},"_links":{"self":[{"href":"https:\/\/ospoljcane.si\/nova\/wp-json\/wp\/v2\/pages\/10687","targetHints":{"allow":["GET"]}}],"collection":[{"href":"https:\/\/ospoljcane.si\/nova\/wp-json\/wp\/v2\/pages"}],"about":[{"href":"https:\/\/ospoljcane.si\/nova\/wp-json\/wp\/v2\/types\/page"}],"author":[{"embeddable":true,"href":"https:\/\/ospoljcane.si\/nova\/wp-json\/wp\/v2\/users\/6"}],"replies":[{"embeddable":true,"href":"https:\/\/ospoljcane.si\/nova\/wp-json\/wp\/v2\/comments?post=10687"}],"version-history":[{"count":1,"href":"https:\/\/ospoljcane.si\/nova\/wp-json\/wp\/v2\/pages\/10687\/revisions"}],"predecessor-version":[{"id":10691,"href":"https:\/\/ospoljcane.si\/nova\/wp-json\/wp\/v2\/pages\/10687\/revisions\/10691"}],"wp:attachment":[{"href":"https:\/\/ospoljcane.si\/nova\/wp-json\/wp\/v2\/media?parent=10687"}],"curies":[{"name":"wp","href":"https:\/\/api.w.org\/{rel}","templated":true}]}}